{"id":19022,"date":"2025-04-09T17:40:14","date_gmt":"2025-04-09T15:40:14","guid":{"rendered":"https:\/\/grapil.pl\/produkt\/dziewczeca-sukienka-komunijna-julia\/"},"modified":"2025-04-09T17:40:15","modified_gmt":"2025-04-09T15:40:15","slug":"madchen-kommunionkleid-julia","status":"publish","type":"product","link":"https:\/\/grapil.pl\/de\/produkt\/madchen-kommunionkleid-julia\/","title":{"rendered":"M\u00e4dchen Kommunionkleid Julia"},"content":{"rendered":"<h1>Kommunionkleid &quot;Julia&quot;<\/h1>\n<p>ist ein traditionelles Kost\u00fcm, das w\u00e4hrend der Empfangszeremonie getragen wird.\u00a0<strong>HEILIGE KOMMUNION<\/strong>Der Schnitt unseres Kleides ist\u00a0<strong>zeitlos, elegant und schlicht<\/strong>\u00a0wodurch es nicht nur f\u00fcr ein perfektes Aussehen sorgt, sondern auch\u00a0<strong>Benutzerfreundlichkeit<\/strong>Das Kleid schr\u00e4nkt die Bewegungen des Kindes nicht ein und passt dank der entsprechend ausgew\u00e4hlten Materialien problemlos, unabh\u00e4ngig von der Figur des Kindes.<\/p>\n<div class=\"_1voj4 _z9prt _1xzdi _ai5yc _5d6n2 _15lj1\">\n<div class=\"_2d49e_5pK0q\">\n<p>Kommunionkleid aus reinwei\u00dfem Stretch. Figurbetonter Schnitt, tailliert geschnitten, Rock in Kellerfalten angeordnet \u2013 dazu ein Unterrock mit aufgen\u00e4hter steifer Volant, die unten Volumen verleiht. In der Taille eingen\u00e4hter Sating\u00fcrtel, hinten gebunden. .<\/p>\n<p>Die von uns hergestellten Kleider haben eine leichte Weite in der Taille.<\/p>\n<p>Kleider werden nach den in der Tabelle angegebenen oder vom Kunden angegebenen Ma\u00dfen ohne Ber\u00fccksichtigung der Taillenzugabe gefertigt. Bei einer Ma\u00dfanfertigung vermessen Sie das Kind bitte genau und geben Sie die tats\u00e4chlichen Ma\u00dfe an.<\/p>\n<\/p><\/div>\n<\/p><\/div>\n<div class=\"_1voj4 _z9prt _1xzdi _ai5yc _5d6n2 _15lj1\">\n<div class=\"_4lbi0 _6kfrx _ur8qq _u5o1q _1xm8p _1agsg\">\n<div class=\"_18vat _10a7o _1yhvf _7ccvy\">\u00a0<\/div>\n<div class=\"_18vat _10a7o _1yhvf _7ccvy\">\n<h1><span style=\"font-size:14pt;\">Bitte geben Sie Ihre Kleidergr\u00f6\u00dfe in der Nachricht an den Verk\u00e4ufer an.<\/span><\/h1>\n<h2>Geben Sie in der Nachricht an den Verk\u00e4ufer bitte die genauen Ma\u00dfe an und w\u00e4hlen Sie eine der Optionen f\u00fcr die Farbe der Schnur und des Hosts:<\/h2>\n<ol>\n<li><strong>Wei\u00dfe Hostie und goldene Kordel<\/strong><\/li>\n<li><strong>Wei\u00dfe Hostie und wei\u00dfe Schnur<\/strong><\/li>\n<li><strong>Goldene Hostie und goldene Kordel (Aufpreis 25 PLN)<\/strong><\/li>\n<li><strong>Goldene Hostie und wei\u00dfe Schnur (Aufpreis 25 PLN)<\/strong><\/li>\n<\/ol>\n<h1>Die Kosten f\u00fcr eine Albe in Sondergr\u00f6\u00dfe (nach Ma\u00df) betragen +30% vom Nettopreis<\/h1>\n<p>\u00a0<\/p>\n<p><img fetchpriority=\"high\" decoding=\"async\" alt=\"\" height=\"1081\" src=\"\/userdata\/public\/assets\/\/tabela%20alby.jpg\" width=\"1081\" \/><\/p>\n<\/p><\/div>\n<div class=\"_18vat _10a7o _1yhvf _7ccvy\">\u00a0<\/div>\n<\/p><\/div>\n<\/p><\/div>","protected":false},"excerpt":{"rendered":"<p>Sukienka komunijna &#8220;Julia&#8221; to tradycyjny str\u00f3j wykorzystywany podczas ceremonii przyj\u0119cia I\u00a0KOMUNII \u015aWI\u0118TEJ. Kr\u00f3j naszej sukienki jest\u00a0ponadczasowy, elegancki i prosty\u00a0dzi\u0119ki czemu<\/p>","protected":false},"featured_media":19024,"template":"","meta":[],"product_brand":[98],"product_cat":[144],"product_tag":[],"class_list":{"0":"post-19022","1":"product","2":"type-product","3":"status-publish","4":"has-post-thumbnail","6":"product_brand-grapil","7":"product_cat-ubrania-komunijne","9":"first","10":"instock","11":"product-type-simple"},"yoast_head":"<!-- This site is optimized with the Yoast SEO plugin v25.3 - https:\/\/yoast.com\/wordpress\/plugins\/seo\/ -->\n<title>Dziewcz\u0119ca sukienka komunijna Julia - Grapil.pl \u2013 Profesjonalna Odzie\u017c S\u0142u\u017cbowa dla Bran\u017cy Kelnerskiej, HoReCa i Medycyny<\/title>\n<meta name=\"robots\" content=\"index, follow, max-snippet:-1, max-image-preview:large, max-video-preview:-1\" \/>\n<link rel=\"canonical\" href=\"https:\/\/grapil.pl\/de\/produkt\/madchen-kommunionkleid-julia\/\" \/>\n<meta property=\"og:locale\" content=\"de_DE\" \/>\n<meta property=\"og:type\" content=\"article\" \/>\n<meta property=\"og:title\" content=\"Dziewcz\u0119ca sukienka komunijna Julia - Grapil.pl \u2013 Profesjonalna Odzie\u017c S\u0142u\u017cbowa dla Bran\u017cy Kelnerskiej, HoReCa i Medycyny\" \/>\n<meta property=\"og:description\" content=\"Sukienka komunijna &#8220;Julia&#8221; to tradycyjny str\u00f3j wykorzystywany podczas ceremonii przyj\u0119cia I\u00a0KOMUNII \u015aWI\u0118TEJ. Kr\u00f3j naszej sukienki jest\u00a0ponadczasowy, elegancki i prosty\u00a0dzi\u0119ki czemu\" \/>\n<meta property=\"og:url\" content=\"https:\/\/grapil.pl\/de\/produkt\/madchen-kommunionkleid-julia\/\" \/>\n<meta property=\"og:site_name\" content=\"Grapil.pl \u2013 Profesjonalna Odzie\u017c S\u0142u\u017cbowa dla Bran\u017cy Kelnerskiej, HoReCa i Medycyny\" \/>\n<meta property=\"article:modified_time\" content=\"2025-04-09T15:40:15+00:00\" \/>\n<meta property=\"og:image\" content=\"https:\/\/grapil.pl\/wp-content\/uploads\/2025\/04\/12466.jpg\" \/>\n\t<meta property=\"og:image:width\" content=\"1167\" \/>\n\t<meta property=\"og:image:height\" content=\"2046\" \/>\n\t<meta property=\"og:image:type\" content=\"image\/jpeg\" \/>\n<meta name=\"twitter:card\" content=\"summary_large_image\" \/>\n<meta name=\"twitter:label1\" content=\"Gesch\u00e4tzte Lesezeit\" \/>\n\t<meta name=\"twitter:data1\" content=\"1\u00a0Minute\" \/>\n<script type=\"application\/ld+json\" class=\"yoast-schema-graph\">{\"@context\":\"https:\/\/schema.org\",\"@graph\":[{\"@type\":\"WebPage\",\"@id\":\"https:\/\/grapil.pl\/produkt\/dziewczeca-sukienka-komunijna-julia\/\",\"url\":\"https:\/\/grapil.pl\/produkt\/dziewczeca-sukienka-komunijna-julia\/\",\"name\":\"Dziewcz\u0119ca sukienka komunijna Julia - Grapil.pl \u2013 Profesjonalna Odzie\u017c S\u0142u\u017cbowa dla Bran\u017cy Kelnerskiej, HoReCa i Medycyny\",\"isPartOf\":{\"@id\":\"https:\/\/grapil.pl\/#website\"},\"primaryImageOfPage\":{\"@id\":\"https:\/\/grapil.pl\/produkt\/dziewczeca-sukienka-komunijna-julia\/#primaryimage\"},\"image\":{\"@id\":\"https:\/\/grapil.pl\/produkt\/dziewczeca-sukienka-komunijna-julia\/#primaryimage\"},\"thumbnailUrl\":\"https:\/\/grapil.pl\/wp-content\/uploads\/2025\/04\/12466.jpg\",\"datePublished\":\"2025-04-09T15:40:14+00:00\",\"dateModified\":\"2025-04-09T15:40:15+00:00\",\"breadcrumb\":{\"@id\":\"https:\/\/grapil.pl\/produkt\/dziewczeca-sukienka-komunijna-julia\/#breadcrumb\"},\"inLanguage\":\"de\",\"potentialAction\":[{\"@type\":\"ReadAction\",\"target\":[\"https:\/\/grapil.pl\/produkt\/dziewczeca-sukienka-komunijna-julia\/\"]}]},{\"@type\":\"ImageObject\",\"inLanguage\":\"de\",\"@id\":\"https:\/\/grapil.pl\/produkt\/dziewczeca-sukienka-komunijna-julia\/#primaryimage\",\"url\":\"https:\/\/grapil.pl\/wp-content\/uploads\/2025\/04\/12466.jpg\",\"contentUrl\":\"https:\/\/grapil.pl\/wp-content\/uploads\/2025\/04\/12466.jpg\",\"width\":1167,\"height\":2046},{\"@type\":\"BreadcrumbList\",\"@id\":\"https:\/\/grapil.pl\/produkt\/dziewczeca-sukienka-komunijna-julia\/#breadcrumb\",\"itemListElement\":[{\"@type\":\"ListItem\",\"position\":1,\"name\":\"Strona g\u0142\u00f3wna\",\"item\":\"https:\/\/grapil.pl\/\"},{\"@type\":\"ListItem\",\"position\":2,\"name\":\"sklep\",\"item\":\"https:\/\/grapil.pl\/sklep\/\"},{\"@type\":\"ListItem\",\"position\":3,\"name\":\"Dziewcz\u0119ca sukienka komunijna Julia\"}]},{\"@type\":\"WebSite\",\"@id\":\"https:\/\/grapil.pl\/#website\",\"url\":\"https:\/\/grapil.pl\/\",\"name\":\"Grapil.pl \u2013 Profesjonalna Odzie\u017c S\u0142u\u017cbowa dla Bran\u017cy Kelnerskiej, HoReCa i Medycyny\",\"description\":\"\",\"potentialAction\":[{\"@type\":\"SearchAction\",\"target\":{\"@type\":\"EntryPoint\",\"urlTemplate\":\"https:\/\/grapil.pl\/?s={search_term_string}\"},\"query-input\":{\"@type\":\"PropertyValueSpecification\",\"valueRequired\":true,\"valueName\":\"search_term_string\"}}],\"inLanguage\":\"de\"}]}<\/script>\n<!-- \/ Yoast SEO plugin. -->","yoast_head_json":{"title":"Dziewcz\u0119ca sukienka komunijna Julia - Grapil.pl \u2013 Profesjonalna Odzie\u017c S\u0142u\u017cbowa dla Bran\u017cy Kelnerskiej, HoReCa i Medycyny","robots":{"index":"index","follow":"follow","max-snippet":"max-snippet:-1","max-image-preview":"max-image-preview:large","max-video-preview":"max-video-preview:-1"},"canonical":"https:\/\/grapil.pl\/de\/produkt\/madchen-kommunionkleid-julia\/","og_locale":"de_DE","og_type":"article","og_title":"Dziewcz\u0119ca sukienka komunijna Julia - Grapil.pl \u2013 Profesjonalna Odzie\u017c S\u0142u\u017cbowa dla Bran\u017cy Kelnerskiej, HoReCa i Medycyny","og_description":"Sukienka komunijna &#8220;Julia&#8221; to tradycyjny str\u00f3j wykorzystywany podczas ceremonii przyj\u0119cia I\u00a0KOMUNII \u015aWI\u0118TEJ. Kr\u00f3j naszej sukienki jest\u00a0ponadczasowy, elegancki i prosty\u00a0dzi\u0119ki czemu","og_url":"https:\/\/grapil.pl\/de\/produkt\/madchen-kommunionkleid-julia\/","og_site_name":"Grapil.pl \u2013 Profesjonalna Odzie\u017c S\u0142u\u017cbowa dla Bran\u017cy Kelnerskiej, HoReCa i Medycyny","article_modified_time":"2025-04-09T15:40:15+00:00","og_image":[{"width":1167,"height":2046,"url":"https:\/\/grapil.pl\/wp-content\/uploads\/2025\/04\/12466.jpg","type":"image\/jpeg"}],"twitter_card":"summary_large_image","twitter_misc":{"Gesch\u00e4tzte Lesezeit":"1\u00a0Minute"},"schema":{"@context":"https:\/\/schema.org","@graph":[{"@type":"WebPage","@id":"https:\/\/grapil.pl\/produkt\/dziewczeca-sukienka-komunijna-julia\/","url":"https:\/\/grapil.pl\/produkt\/dziewczeca-sukienka-komunijna-julia\/","name":"Dziewcz\u0119ca sukienka komunijna Julia - Grapil.pl \u2013 Profesjonalna Odzie\u017c S\u0142u\u017cbowa dla Bran\u017cy Kelnerskiej, HoReCa i Medycyny","isPartOf":{"@id":"https:\/\/grapil.pl\/#website"},"primaryImageOfPage":{"@id":"https:\/\/grapil.pl\/produkt\/dziewczeca-sukienka-komunijna-julia\/#primaryimage"},"image":{"@id":"https:\/\/grapil.pl\/produkt\/dziewczeca-sukienka-komunijna-julia\/#primaryimage"},"thumbnailUrl":"https:\/\/grapil.pl\/wp-content\/uploads\/2025\/04\/12466.jpg","datePublished":"2025-04-09T15:40:14+00:00","dateModified":"2025-04-09T15:40:15+00:00","breadcrumb":{"@id":"https:\/\/grapil.pl\/produkt\/dziewczeca-sukienka-komunijna-julia\/#breadcrumb"},"inLanguage":"de","potentialAction":[{"@type":"ReadAction","target":["https:\/\/grapil.pl\/produkt\/dziewczeca-sukienka-komunijna-julia\/"]}]},{"@type":"ImageObject","inLanguage":"de","@id":"https:\/\/grapil.pl\/produkt\/dziewczeca-sukienka-komunijna-julia\/#primaryimage","url":"https:\/\/grapil.pl\/wp-content\/uploads\/2025\/04\/12466.jpg","contentUrl":"https:\/\/grapil.pl\/wp-content\/uploads\/2025\/04\/12466.jpg","width":1167,"height":2046},{"@type":"BreadcrumbList","@id":"https:\/\/grapil.pl\/produkt\/dziewczeca-sukienka-komunijna-julia\/#breadcrumb","itemListElement":[{"@type":"ListItem","position":1,"name":"Strona g\u0142\u00f3wna","item":"https:\/\/grapil.pl\/"},{"@type":"ListItem","position":2,"name":"sklep","item":"https:\/\/grapil.pl\/sklep\/"},{"@type":"ListItem","position":3,"name":"Dziewcz\u0119ca sukienka komunijna Julia"}]},{"@type":"WebSite","@id":"https:\/\/grapil.pl\/#website","url":"https:\/\/grapil.pl\/","name":"Grapil.pl \u2013 Profesjonalna Odzie\u017c S\u0142u\u017cbowa dla Bran\u017cy Kelnerskiej, HoReCa i Medycyny","description":"","potentialAction":[{"@type":"SearchAction","target":{"@type":"EntryPoint","urlTemplate":"https:\/\/grapil.pl\/?s={search_term_string}"},"query-input":{"@type":"PropertyValueSpecification","valueRequired":true,"valueName":"search_term_string"}}],"inLanguage":"de"}]}},"_links":{"self":[{"href":"https:\/\/grapil.pl\/de\/wp-json\/wp\/v2\/product\/19022","targetHints":{"allow":["GET"]}}],"collection":[{"href":"https:\/\/grapil.pl\/de\/wp-json\/wp\/v2\/product"}],"about":[{"href":"https:\/\/grapil.pl\/de\/wp-json\/wp\/v2\/types\/product"}],"version-history":[{"count":1,"href":"https:\/\/grapil.pl\/de\/wp-json\/wp\/v2\/product\/19022\/revisions"}],"predecessor-version":[{"id":19023,"href":"https:\/\/grapil.pl\/de\/wp-json\/wp\/v2\/product\/19022\/revisions\/19023"}],"wp:featuredmedia":[{"embeddable":true,"href":"https:\/\/grapil.pl\/de\/wp-json\/wp\/v2\/media\/19024"}],"wp:attachment":[{"href":"https:\/\/grapil.pl\/de\/wp-json\/wp\/v2\/media?parent=19022"}],"wp:term":[{"taxonomy":"product_brand","embeddable":true,"href":"https:\/\/grapil.pl\/de\/wp-json\/wp\/v2\/product_brand?post=19022"},{"taxonomy":"product_cat","embeddable":true,"href":"https:\/\/grapil.pl\/de\/wp-json\/wp\/v2\/product_cat?post=19022"},{"taxonomy":"product_tag","embeddable":true,"href":"https:\/\/grapil.pl\/de\/wp-json\/wp\/v2\/product_tag?post=19022"}],"curies":[{"name":"wp","href":"https:\/\/api.w.org\/{rel}","templated":true}]}}