{"id":19200,"date":"2025-04-09T17:41:05","date_gmt":"2025-04-09T15:41:05","guid":{"rendered":"https:\/\/grapil.pl\/produkt\/dziewczeca-alba-komunijna-szyta-na-wymiar\/"},"modified":"2025-05-27T14:55:55","modified_gmt":"2025-05-27T12:55:55","slug":"madchen-kommunionalbe-nach-mas","status":"publish","type":"product","link":"https:\/\/grapil.pl\/de\/produkt\/madchen-kommunionalbe-nach-mas\/","title":{"rendered":"Eine Kommunionalbe f\u00fcr M\u00e4dchen nach Ma\u00df"},"content":{"rendered":"<p>Der Schnitt unserer Albe ist\u00a0<strong>zeitlos, elegant und schlicht<\/strong>\u00a0wodurch es nicht nur f\u00fcr ein perfektes Aussehen sorgt, sondern auch\u00a0<strong>Benutzerfreundlichkeit<\/strong>Alba schr\u00e4nkt die Bewegungen des Kindes nicht ein und passt dank entsprechend ausgew\u00e4hlter Materialien problemlos, unabh\u00e4ngig von der Figur des Kindes.<\/p>\n<p>Pr\u00e4sentiert\u00a0<strong>KOMMUNIONALB<\/strong>\u00a0Dies ist ein Modell\u00a0<strong>m\u00e4dchenhaft<\/strong>, ist ausgestattet mit einem eleganten\u00a0<strong>ein Umhang<\/strong>, verziert mit goldenem liturgischem Band, das wir auch zur Verzierung der \u00c4rmel und des unteren Teils der Albe verwendet haben. Das Set enth\u00e4lt au\u00dferdem\u00a0<strong>elegant<\/strong>\u00a0<strong>Kabel\u00a0<\/strong>in Gold oder Wei\u00df<strong>,\u00a0<\/strong>Sie haben die Wahl und\u00a0<strong>gen\u00e4hter Host<\/strong>\u00a0in Wei\u00df. F\u00fcr den goldenen Host f\u00e4llt eine zus\u00e4tzliche Geb\u00fchr an.<br \/><strong>Die von uns hergestellten Alben haben in der Taille etwas Spielraum, sodass sie nach dem Binden der Kordel sehr gut passen.<\/strong>.<\/p>\n<p><strong>Alben werden nach Ma\u00df gefertigt<\/strong>\u00a0Nach den vom Kunden angegebenen Ma\u00dfen, ohne Angabe der Taillenzugabe. Bitte messen Sie Ihr Kind sorgf\u00e4ltig und geben Sie die tats\u00e4chlichen Ma\u00dfe an.<\/p>\n<div class=\"_1bo4a _xu6h2 _1ylmp _2d49e_YrWCD\">\n<div class=\"_1voj4 _z9prt _1xzdi _ai5yc _5d6n2 _15lj1\">\n<div class=\"_4lbi0 _6kfrx _ur8qq _u5o1q _1xm8p _1agsg\">\n<div class=\"_18vat _10a7o _1yhvf _7ccvy\">\n<div class=\"_1fwkl\">\n<div class=\"_1bo4a _xu6h2 _1ylmp _2d49e_YrWCD\">\n<div class=\"_1voj4 _z9prt _1xzdi _ai5yc _5d6n2 _15lj1\">\n<div class=\"_4lbi0 _6kfrx _ur8qq _u5o1q _1xm8p _1agsg\">\n<div class=\"_18vat _10a7o _1yhvf _7ccvy\">\n<div class=\"_1fwkl\"><img decoding=\"async\" alt=\"\" src=\"https:\/\/a.allegroimg.com\/original\/110390\/bf42939a4bbbade2ed4036d26ce1\" \/><\/div>\n<\/p><\/div>\n<\/p><\/div>\n<\/p><\/div>\n<\/p><\/div>\n<\/p><\/div>\n<div class=\"_1fwkl\"><span style=\"font-size:18pt;\">Bitte geben Sie die genauen Ma\u00dfe an und w\u00e4hlen Sie die Farbe des Hosts:<\/span><\/div>\n<\/p><\/div>\n<\/p><\/div>\n<\/p><\/div>\n<\/p><\/div>\n<div class=\"_1bo4a _xu6h2 _1ylmp _2d49e_YrWCD\">\n<div class=\"_1voj4 _z9prt _1xzdi _ai5yc _5d6n2 _15lj1\">\n<div class=\"_2d49e_5pK0q\">\n<ol>\n<li>Wei\u00dfe Hostie und goldene Kordel<\/li>\n<li>Goldene Hostie und Goldene Kordel (Aufpreis)<\/li>\n<\/ol>\n<h1>Die Kosten f\u00fcr eine Albe in Sondergr\u00f6\u00dfe (nach Ma\u00df) betragen +30% vom Nettopreis<\/h1>\n<p>\u00a0<img fetchpriority=\"high\" decoding=\"async\" alt=\"\" height=\"1083\" src=\"\/userdata\/public\/assets\/\/tabela%20alby.jpg\" width=\"1083\" \/><\/p>\n<\/p><\/div>\n<\/p><\/div>\n<\/p><\/div>","protected":false},"excerpt":{"rendered":"<p>Der Schnitt unserer Albe ist zeitlos, elegant und schlicht, was nicht nur eine perfekte Optik, sondern auch hohen Tragekomfort gew\u00e4hrleistet. Die Albe schr\u00e4nkt die Bewegungsfreiheit nicht ein.<\/p>","protected":false},"featured_media":19202,"template":"","meta":[],"product_brand":[],"product_cat":[144],"product_tag":[],"class_list":{"0":"post-19200","1":"product","2":"type-product","3":"status-publish","4":"has-post-thumbnail","6":"product_cat-ubrania-komunijne","8":"first","9":"instock","10":"product-type-simple"},"yoast_head":"<!-- This site is optimized with the Yoast SEO plugin v25.3 - https:\/\/yoast.com\/wordpress\/plugins\/seo\/ -->\n<title>Dziewcz\u0119ca alba komunijna szyta na wymiar - Grapil.pl \u2013 Profesjonalna Odzie\u017c S\u0142u\u017cbowa dla Bran\u017cy Kelnerskiej, HoReCa i Medycyny<\/title>\n<meta name=\"robots\" content=\"index, follow, max-snippet:-1, max-image-preview:large, max-video-preview:-1\" \/>\n<link rel=\"canonical\" href=\"https:\/\/grapil.pl\/de\/produkt\/madchen-kommunionalbe-nach-mas\/\" \/>\n<meta property=\"og:locale\" content=\"de_DE\" \/>\n<meta property=\"og:type\" content=\"article\" \/>\n<meta property=\"og:title\" content=\"Dziewcz\u0119ca alba komunijna szyta na wymiar - Grapil.pl \u2013 Profesjonalna Odzie\u017c S\u0142u\u017cbowa dla Bran\u017cy Kelnerskiej, HoReCa i Medycyny\" \/>\n<meta property=\"og:description\" content=\"Kr\u00f3j naszej alby jest\u00a0ponadczasowy, elegancki i prosty\u00a0dzi\u0119ki czemu zapewnia nie tylko doskona\u0142y wygl\u0105d ale r\u00f3wnie\u017c\u00a0wygod\u0119 u\u017cytkowania. Alba nie kr\u0119puje ruch\u00f3w\" \/>\n<meta property=\"og:url\" content=\"https:\/\/grapil.pl\/de\/produkt\/madchen-kommunionalbe-nach-mas\/\" \/>\n<meta property=\"og:site_name\" content=\"Grapil.pl \u2013 Profesjonalna Odzie\u017c S\u0142u\u017cbowa dla Bran\u017cy Kelnerskiej, HoReCa i Medycyny\" \/>\n<meta property=\"article:modified_time\" content=\"2025-05-27T12:55:55+00:00\" \/>\n<meta property=\"og:image\" content=\"https:\/\/grapil.pl\/wp-content\/uploads\/2025\/04\/18425.jpg\" \/>\n\t<meta property=\"og:image:width\" content=\"1500\" \/>\n\t<meta property=\"og:image:height\" content=\"1500\" \/>\n\t<meta property=\"og:image:type\" content=\"image\/jpeg\" \/>\n<meta name=\"twitter:card\" content=\"summary_large_image\" \/>\n<meta name=\"twitter:label1\" content=\"Gesch\u00e4tzte Lesezeit\" \/>\n\t<meta name=\"twitter:data1\" content=\"1\u00a0Minute\" \/>\n<script type=\"application\/ld+json\" class=\"yoast-schema-graph\">{\"@context\":\"https:\/\/schema.org\",\"@graph\":[{\"@type\":\"WebPage\",\"@id\":\"https:\/\/grapil.pl\/produkt\/dziewczeca-alba-komunijna-szyta-na-wymiar\/\",\"url\":\"https:\/\/grapil.pl\/produkt\/dziewczeca-alba-komunijna-szyta-na-wymiar\/\",\"name\":\"Dziewcz\u0119ca alba komunijna szyta na wymiar - Grapil.pl \u2013 Profesjonalna Odzie\u017c S\u0142u\u017cbowa dla Bran\u017cy Kelnerskiej, HoReCa i Medycyny\",\"isPartOf\":{\"@id\":\"https:\/\/grapil.pl\/#website\"},\"primaryImageOfPage\":{\"@id\":\"https:\/\/grapil.pl\/produkt\/dziewczeca-alba-komunijna-szyta-na-wymiar\/#primaryimage\"},\"image\":{\"@id\":\"https:\/\/grapil.pl\/produkt\/dziewczeca-alba-komunijna-szyta-na-wymiar\/#primaryimage\"},\"thumbnailUrl\":\"https:\/\/grapil.pl\/wp-content\/uploads\/2025\/04\/18425.jpg\",\"datePublished\":\"2025-04-09T15:41:05+00:00\",\"dateModified\":\"2025-05-27T12:55:55+00:00\",\"breadcrumb\":{\"@id\":\"https:\/\/grapil.pl\/produkt\/dziewczeca-alba-komunijna-szyta-na-wymiar\/#breadcrumb\"},\"inLanguage\":\"de\",\"potentialAction\":[{\"@type\":\"ReadAction\",\"target\":[\"https:\/\/grapil.pl\/produkt\/dziewczeca-alba-komunijna-szyta-na-wymiar\/\"]}]},{\"@type\":\"ImageObject\",\"inLanguage\":\"de\",\"@id\":\"https:\/\/grapil.pl\/produkt\/dziewczeca-alba-komunijna-szyta-na-wymiar\/#primaryimage\",\"url\":\"https:\/\/grapil.pl\/wp-content\/uploads\/2025\/04\/18425.jpg\",\"contentUrl\":\"https:\/\/grapil.pl\/wp-content\/uploads\/2025\/04\/18425.jpg\",\"width\":1500,\"height\":1500},{\"@type\":\"BreadcrumbList\",\"@id\":\"https:\/\/grapil.pl\/produkt\/dziewczeca-alba-komunijna-szyta-na-wymiar\/#breadcrumb\",\"itemListElement\":[{\"@type\":\"ListItem\",\"position\":1,\"name\":\"Strona g\u0142\u00f3wna\",\"item\":\"https:\/\/grapil.pl\/\"},{\"@type\":\"ListItem\",\"position\":2,\"name\":\"sklep\",\"item\":\"https:\/\/grapil.pl\/sklep\/\"},{\"@type\":\"ListItem\",\"position\":3,\"name\":\"Dziewcz\u0119ca alba komunijna szyta na wymiar\"}]},{\"@type\":\"WebSite\",\"@id\":\"https:\/\/grapil.pl\/#website\",\"url\":\"https:\/\/grapil.pl\/\",\"name\":\"Grapil.pl \u2013 Profesjonalna Odzie\u017c S\u0142u\u017cbowa dla Bran\u017cy Kelnerskiej, HoReCa i Medycyny\",\"description\":\"\",\"potentialAction\":[{\"@type\":\"SearchAction\",\"target\":{\"@type\":\"EntryPoint\",\"urlTemplate\":\"https:\/\/grapil.pl\/?s={search_term_string}\"},\"query-input\":{\"@type\":\"PropertyValueSpecification\",\"valueRequired\":true,\"valueName\":\"search_term_string\"}}],\"inLanguage\":\"de\"}]}<\/script>\n<!-- \/ Yoast SEO plugin. -->","yoast_head_json":{"title":"Dziewcz\u0119ca alba komunijna szyta na wymiar - Grapil.pl \u2013 Profesjonalna Odzie\u017c S\u0142u\u017cbowa dla Bran\u017cy Kelnerskiej, HoReCa i Medycyny","robots":{"index":"index","follow":"follow","max-snippet":"max-snippet:-1","max-image-preview":"max-image-preview:large","max-video-preview":"max-video-preview:-1"},"canonical":"https:\/\/grapil.pl\/de\/produkt\/madchen-kommunionalbe-nach-mas\/","og_locale":"de_DE","og_type":"article","og_title":"Dziewcz\u0119ca alba komunijna szyta na wymiar - Grapil.pl \u2013 Profesjonalna Odzie\u017c S\u0142u\u017cbowa dla Bran\u017cy Kelnerskiej, HoReCa i Medycyny","og_description":"Kr\u00f3j naszej alby jest\u00a0ponadczasowy, elegancki i prosty\u00a0dzi\u0119ki czemu zapewnia nie tylko doskona\u0142y wygl\u0105d ale r\u00f3wnie\u017c\u00a0wygod\u0119 u\u017cytkowania. Alba nie kr\u0119puje ruch\u00f3w","og_url":"https:\/\/grapil.pl\/de\/produkt\/madchen-kommunionalbe-nach-mas\/","og_site_name":"Grapil.pl \u2013 Profesjonalna Odzie\u017c S\u0142u\u017cbowa dla Bran\u017cy Kelnerskiej, HoReCa i Medycyny","article_modified_time":"2025-05-27T12:55:55+00:00","og_image":[{"width":1500,"height":1500,"url":"https:\/\/grapil.pl\/wp-content\/uploads\/2025\/04\/18425.jpg","type":"image\/jpeg"}],"twitter_card":"summary_large_image","twitter_misc":{"Gesch\u00e4tzte Lesezeit":"1\u00a0Minute"},"schema":{"@context":"https:\/\/schema.org","@graph":[{"@type":"WebPage","@id":"https:\/\/grapil.pl\/produkt\/dziewczeca-alba-komunijna-szyta-na-wymiar\/","url":"https:\/\/grapil.pl\/produkt\/dziewczeca-alba-komunijna-szyta-na-wymiar\/","name":"Dziewcz\u0119ca alba komunijna szyta na wymiar - Grapil.pl \u2013 Profesjonalna Odzie\u017c S\u0142u\u017cbowa dla Bran\u017cy Kelnerskiej, HoReCa i Medycyny","isPartOf":{"@id":"https:\/\/grapil.pl\/#website"},"primaryImageOfPage":{"@id":"https:\/\/grapil.pl\/produkt\/dziewczeca-alba-komunijna-szyta-na-wymiar\/#primaryimage"},"image":{"@id":"https:\/\/grapil.pl\/produkt\/dziewczeca-alba-komunijna-szyta-na-wymiar\/#primaryimage"},"thumbnailUrl":"https:\/\/grapil.pl\/wp-content\/uploads\/2025\/04\/18425.jpg","datePublished":"2025-04-09T15:41:05+00:00","dateModified":"2025-05-27T12:55:55+00:00","breadcrumb":{"@id":"https:\/\/grapil.pl\/produkt\/dziewczeca-alba-komunijna-szyta-na-wymiar\/#breadcrumb"},"inLanguage":"de","potentialAction":[{"@type":"ReadAction","target":["https:\/\/grapil.pl\/produkt\/dziewczeca-alba-komunijna-szyta-na-wymiar\/"]}]},{"@type":"ImageObject","inLanguage":"de","@id":"https:\/\/grapil.pl\/produkt\/dziewczeca-alba-komunijna-szyta-na-wymiar\/#primaryimage","url":"https:\/\/grapil.pl\/wp-content\/uploads\/2025\/04\/18425.jpg","contentUrl":"https:\/\/grapil.pl\/wp-content\/uploads\/2025\/04\/18425.jpg","width":1500,"height":1500},{"@type":"BreadcrumbList","@id":"https:\/\/grapil.pl\/produkt\/dziewczeca-alba-komunijna-szyta-na-wymiar\/#breadcrumb","itemListElement":[{"@type":"ListItem","position":1,"name":"Strona g\u0142\u00f3wna","item":"https:\/\/grapil.pl\/"},{"@type":"ListItem","position":2,"name":"sklep","item":"https:\/\/grapil.pl\/sklep\/"},{"@type":"ListItem","position":3,"name":"Dziewcz\u0119ca alba komunijna szyta na wymiar"}]},{"@type":"WebSite","@id":"https:\/\/grapil.pl\/#website","url":"https:\/\/grapil.pl\/","name":"Grapil.pl \u2013 Profesjonalna Odzie\u017c S\u0142u\u017cbowa dla Bran\u017cy Kelnerskiej, HoReCa i Medycyny","description":"","potentialAction":[{"@type":"SearchAction","target":{"@type":"EntryPoint","urlTemplate":"https:\/\/grapil.pl\/?s={search_term_string}"},"query-input":{"@type":"PropertyValueSpecification","valueRequired":true,"valueName":"search_term_string"}}],"inLanguage":"de"}]}},"_links":{"self":[{"href":"https:\/\/grapil.pl\/de\/wp-json\/wp\/v2\/product\/19200","targetHints":{"allow":["GET"]}}],"collection":[{"href":"https:\/\/grapil.pl\/de\/wp-json\/wp\/v2\/product"}],"about":[{"href":"https:\/\/grapil.pl\/de\/wp-json\/wp\/v2\/types\/product"}],"version-history":[{"count":1,"href":"https:\/\/grapil.pl\/de\/wp-json\/wp\/v2\/product\/19200\/revisions"}],"predecessor-version":[{"id":19201,"href":"https:\/\/grapil.pl\/de\/wp-json\/wp\/v2\/product\/19200\/revisions\/19201"}],"wp:featuredmedia":[{"embeddable":true,"href":"https:\/\/grapil.pl\/de\/wp-json\/wp\/v2\/media\/19202"}],"wp:attachment":[{"href":"https:\/\/grapil.pl\/de\/wp-json\/wp\/v2\/media?parent=19200"}],"wp:term":[{"taxonomy":"product_brand","embeddable":true,"href":"https:\/\/grapil.pl\/de\/wp-json\/wp\/v2\/product_brand?post=19200"},{"taxonomy":"product_cat","embeddable":true,"href":"https:\/\/grapil.pl\/de\/wp-json\/wp\/v2\/product_cat?post=19200"},{"taxonomy":"product_tag","embeddable":true,"href":"https:\/\/grapil.pl\/de\/wp-json\/wp\/v2\/product_tag?post=19200"}],"curies":[{"name":"wp","href":"https:\/\/api.w.org\/{rel}","templated":true}]}}